{"id":61,"date":"2024-05-26T13:31:46","date_gmt":"2024-05-26T13:31:46","guid":{"rendered":"http:\/\/ciioder.org.tr\/?page_id=61"},"modified":"2024-05-30T20:35:05","modified_gmt":"2024-05-30T17:35:05","slug":"site","status":"publish","type":"page","link":"https:\/\/ciioder.org.tr\/?page_id=61","title":{"rendered":"\u00c7OCUK \u0130ST\u0130SMARINI VE \u0130HMAL\u0130N\u0130 \u00d6NLEME DERNE\u011e\u0130- C\u0130\u0130ODER"},"content":{"rendered":"\t\t<div data-elementor-type=\"wp-page\" data-elementor-id=\"61\" class=\"elementor elementor-61\">\n\t\t\t\t<div class=\"elementor-element elementor-element-b1e73e7 e-flex e-con-boxed e-con e-parent\" data-id=\"b1e73e7\" data-element_type=\"container\">\n\t\t\t\t\t<div class=\"e-con-inner\">\n\t\t\t\t<div class=\"elementor-element elementor-element-908441d elementor-widget elementor-widget-heading\" data-id=\"908441d\" data-element_type=\"widget\" data-widget_type=\"heading.default\">\n\t\t\t\t<div class=\"elementor-widget-container\">\n\t\t\t<h2 class=\"elementor-heading-title elementor-size-default\">\u00c7OCUK \u0130ST\u0130SMARINI VE \u0130HMAL\u0130N\u0130 \u00d6NLEME DERNE\u011e\u0130<\/h2>\t\t<\/div>\n\t\t\t\t<\/div>\n\t\t\t\t\t<\/div>\n\t\t\t\t<\/div>\n\t\t<div class=\"elementor-element elementor-element-05323ad e-flex e-con-boxed e-con e-parent\" data-id=\"05323ad\" data-element_type=\"container\">\n\t\t\t\t\t<div class=\"e-con-inner\">\n\t\t\t\t<div class=\"elementor-element elementor-element-4d0d6f6 elementor-widget elementor-widget-toggle\" data-id=\"4d0d6f6\" data-element_type=\"widget\" data-widget_type=\"toggle.default\">\n\t\t\t\t<div class=\"elementor-widget-container\">\n\t\t\t\t\t<div class=\"elementor-toggle\">\n\t\t\t\t\t\t\t<div class=\"elementor-toggle-item\">\n\t\t\t\t\t<div id=\"elementor-tab-title-8071\" class=\"elementor-tab-title\" data-tab=\"1\" role=\"button\" aria-controls=\"elementor-tab-content-8071\" aria-expanded=\"false\">\n\t\t\t\t\t\t\t\t\t\t\t\t<span class=\"elementor-toggle-icon elementor-toggle-icon-left\" aria-hidden=\"true\">\n\t\t\t\t\t\t\t\t\t\t\t\t\t\t\t<span class=\"elementor-toggle-icon-closed\"><svg class=\"e-font-icon-svg e-fas-caret-right\" viewBox=\"0 0 192 512\" xmlns=\"http:\/\/www.w3.org\/2000\/svg\"><path d=\"M0 384.662V127.338c0-17.818 21.543-26.741 34.142-14.142l128.662 128.662c7.81 7.81 7.81 20.474 0 28.284L34.142 398.804C21.543 411.404 0 402.48 0 384.662z\"><\/path><\/svg><\/span>\n\t\t\t\t\t\t\t\t<span class=\"elementor-toggle-icon-opened\"><svg class=\"elementor-toggle-icon-opened e-font-icon-svg e-fas-caret-up\" viewBox=\"0 0 320 512\" xmlns=\"http:\/\/www.w3.org\/2000\/svg\"><path d=\"M288.662 352H31.338c-17.818 0-26.741-21.543-14.142-34.142l128.662-128.662c7.81-7.81 20.474-7.81 28.284 0l128.662 128.662c12.6 12.599 3.676 34.142-14.142 34.142z\"><\/path><\/svg><\/span>\n\t\t\t\t\t\t\t\t\t\t\t\t\t<\/span>\n\t\t\t\t\t\t\t\t\t\t\t\t<a class=\"elementor-toggle-title\" tabindex=\"0\">C\u0130\u0130ODER<\/a>\n\t\t\t\t\t<\/div>\n\n\t\t\t\t\t<div id=\"elementor-tab-content-8071\" class=\"elementor-tab-content elementor-clearfix\" data-tab=\"1\" role=\"region\" aria-labelledby=\"elementor-tab-title-8071\"><p>\u00c7ocuk \u0130stismar\u0131n\u0131 ve \u0130hmalini \u00d6nleme Derne\u011fi, 1988 y\u0131l\u0131nda 7 kurucu \u00fcyenin \u00f6nderli\u011finde kurulmu\u015f olup bug\u00fcn 400&#8217;\u00fcn \u00fczerinde \u00fcye ile etkinliklerine devam etmektedir. Derne\u011fin merkezi Ankara&#8217;dad\u0131r. 2013 y\u0131l\u0131 itibariyle ise Ayd\u0131n ve Malatya illerinde derne\u011fin \u015fubeleri a\u00e7\u0131lm\u0131\u015ft\u0131r.<\/p><p>Derne\u011fin amac\u0131 bireyin do\u011fum \u00f6ncesinden ba\u015flayarak t\u00fcm geli\u015fim evrelerinde sa\u011fl\u0131kl\u0131 bir bi\u00e7imde yeti\u015fmesini sa\u011flamak, fiziksel, duygusal ve cinsel istismar\u0131n\u0131 \u00f6nlemek i\u00e7in \u00c7ocuk \u0130stismar ve \u0130hmali ile ilgili:<\/p><ol><li>Bilimsel y\u00f6ntemlerle bilgi elde etmek ve \u00fcretmek,<\/li><li>\u00c7ocuk istismar ve ihmalinin \u00f6nlenmesi ile ilgili bilgileri yaymak,<\/li><li>\u00c7ocukla ilgili alanlarda \u00e7al\u0131\u015fanlar\u0131n bilgilerini ve deneyimlerini birbirlerine iletebilece\u011fi ortam\u0131 sa\u011flamak,<\/li><li>Gerekti\u011finde \u00e7ocukla ilgili alanlarda \u00e7al\u0131\u015fanlara \u00e7ocuk istismar\u0131 ve ihmalinin \u00f6nlenmesi, istismar ve ihmal edilen \u00e7ocuklar\u0131n sa\u011falt\u0131m\u0131 konusunda dan\u0131\u015fmanl\u0131k yapmakt\u0131r.<\/li><\/ol><\/div>\n\t\t\t\t<\/div>\n\t\t\t\t\t\t\t<div class=\"elementor-toggle-item\">\n\t\t\t\t\t<div id=\"elementor-tab-title-8072\" class=\"elementor-tab-title\" data-tab=\"2\" role=\"button\" aria-controls=\"elementor-tab-content-8072\" aria-expanded=\"false\">\n\t\t\t\t\t\t\t\t\t\t\t\t<span class=\"elementor-toggle-icon elementor-toggle-icon-left\" aria-hidden=\"true\">\n\t\t\t\t\t\t\t\t\t\t\t\t\t\t\t<span class=\"elementor-toggle-icon-closed\"><svg class=\"e-font-icon-svg e-fas-caret-right\" viewBox=\"0 0 192 512\" xmlns=\"http:\/\/www.w3.org\/2000\/svg\"><path d=\"M0 384.662V127.338c0-17.818 21.543-26.741 34.142-14.142l128.662 128.662c7.81 7.81 7.81 20.474 0 28.284L34.142 398.804C21.543 411.404 0 402.48 0 384.662z\"><\/path><\/svg><\/span>\n\t\t\t\t\t\t\t\t<span class=\"elementor-toggle-icon-opened\"><svg class=\"elementor-toggle-icon-opened e-font-icon-svg e-fas-caret-up\" viewBox=\"0 0 320 512\" xmlns=\"http:\/\/www.w3.org\/2000\/svg\"><path d=\"M288.662 352H31.338c-17.818 0-26.741-21.543-14.142-34.142l128.662-128.662c7.81-7.81 20.474-7.81 28.284 0l128.662 128.662c12.6 12.599 3.676 34.142-14.142 34.142z\"><\/path><\/svg><\/span>\n\t\t\t\t\t\t\t\t\t\t\t\t\t<\/span>\n\t\t\t\t\t\t\t\t\t\t\t\t<a class=\"elementor-toggle-title\" tabindex=\"0\">Dernek ama\u00e7lar\u0131 do\u011frultusunda;<\/a>\n\t\t\t\t\t<\/div>\n\n\t\t\t\t\t<div id=\"elementor-tab-content-8072\" class=\"elementor-tab-content elementor-clearfix\" data-tab=\"2\" role=\"region\" aria-labelledby=\"elementor-tab-title-8072\"><ol><li>\u00c7ocuk istismar ve ihmali konusunda disiplinler aras\u0131 kongre, konferans, seminer ve benzeri toplant\u0131lar d\u00fczenler,<\/li><li>\u00c7ocuk istismar ve ihmali konusunda yay\u0131n yapar veya bu alanda yay\u0131n yapan ki\u015fi veya kurulu\u015flarla i\u015fbirli\u011fi sa\u011flar,<\/li><li>\u00c7ocuk istismar ve ihmali ile ilgili \u00e7al\u0131\u015fma ve bilimsel ara\u015ft\u0131rmalar\u0131 destekler,<\/li><li>Ama\u00e7lar\u0131 do\u011frultusunda gerek ulusal, gerekse uluslararas\u0131 kurulu\u015flarla ve ger\u00e7ek ve t\u00fczel ki\u015filerle i\u015fbirli\u011fi yapar,<\/li><li>\u00c7ocuk istismar ve ihmalini \u00f6nleme konusunda kamuoyu yaratmak amac\u0131yla kitle ileti\u015fim ara\u00e7lar\u0131ndan yararlanmak i\u00e7in ilgili kurulu\u015flarla i\u015fbirli\u011fi yapar,<\/li><li>\u00c7ocuklar\u0131n yeti\u015fmesi e\u011fitilmesi ile ilgilenen ki\u015filerle bu alanda hizmet veren kurulu\u015flarda \u00e7al\u0131\u015fanlara gerekti\u011finde dan\u0131\u015fmanl\u0131k yapar,<\/li><li>\u00c7ocuklar\u0131n haklar\u0131n\u0131 koruyan kurulu\u015flarla i\u015fbirli\u011fi yapar.<\/li><\/ol><\/div>\n\t\t\t\t<\/div>\n\t\t\t\t\t\t\t<div class=\"elementor-toggle-item\">\n\t\t\t\t\t<div id=\"elementor-tab-title-8073\" class=\"elementor-tab-title\" data-tab=\"3\" role=\"button\" aria-controls=\"elementor-tab-content-8073\" aria-expanded=\"false\">\n\t\t\t\t\t\t\t\t\t\t\t\t<span class=\"elementor-toggle-icon elementor-toggle-icon-left\" aria-hidden=\"true\">\n\t\t\t\t\t\t\t\t\t\t\t\t\t\t\t<span class=\"elementor-toggle-icon-closed\"><svg class=\"e-font-icon-svg e-fas-caret-right\" viewBox=\"0 0 192 512\" xmlns=\"http:\/\/www.w3.org\/2000\/svg\"><path d=\"M0 384.662V127.338c0-17.818 21.543-26.741 34.142-14.142l128.662 128.662c7.81 7.81 7.81 20.474 0 28.284L34.142 398.804C21.543 411.404 0 402.48 0 384.662z\"><\/path><\/svg><\/span>\n\t\t\t\t\t\t\t\t<span class=\"elementor-toggle-icon-opened\"><svg class=\"elementor-toggle-icon-opened e-font-icon-svg e-fas-caret-up\" viewBox=\"0 0 320 512\" xmlns=\"http:\/\/www.w3.org\/2000\/svg\"><path d=\"M288.662 352H31.338c-17.818 0-26.741-21.543-14.142-34.142l128.662-128.662c7.81-7.81 20.474-7.81 28.284 0l128.662 128.662c12.6 12.599 3.676 34.142-14.142 34.142z\"><\/path><\/svg><\/span>\n\t\t\t\t\t\t\t\t\t\t\t\t\t<\/span>\n\t\t\t\t\t\t\t\t\t\t\t\t<a class=\"elementor-toggle-title\" tabindex=\"0\"> Derne\u011fimizin \u00c7al\u0131\u015fmalar\u0131<\/a>\n\t\t\t\t\t<\/div>\n\n\t\t\t\t\t<div id=\"elementor-tab-content-8073\" class=\"elementor-tab-content elementor-clearfix\" data-tab=\"3\" role=\"region\" aria-labelledby=\"elementor-tab-title-8073\"><p>2007 y\u0131l\u0131nda ba\u015flayan ve halen devam eden bu \u00e7al\u0131\u015fma ile Ankara\u2019daki her \u00fcniversitenin t\u0131p, sosyal hizmet, psikoloji, psikolojik dan\u0131\u015fmanl\u0131k ve rehberlik, okul \u00f6ncesi \u00f6\u011fretmenli\u011fi, hukuk ve hem\u015firelik b\u00f6l\u00fcmlerinde okuyan \u00e7ok say\u0131da \u00f6\u011frenci grubu ile bir araya gelinmekte ve \u201cKendini Tan\u0131ma ve Hayatla Ba\u015fetme\u201d e\u011fitimi kapsam\u0131nda 12 hafta s\u00fcreyle \u00e7e\u015fitli konularda e\u011fitimler verilmektedir.<\/p><p>2008 y\u0131l\u0131ndan bu yana Ankara\u2019n\u0131n farkl\u0131 b\u00f6lgelerinden se\u00e7ilmi\u015f olan ilk\u00f6\u011fretim okullar\u0131nda \u00f6\u011frencilere akran e\u011fitimi uygulanm\u0131\u015ft\u0131r.<\/p><\/div>\n\t\t\t\t<\/div>\n\t\t\t\t\t\t\t<div class=\"elementor-toggle-item\">\n\t\t\t\t\t<div id=\"elementor-tab-title-8074\" class=\"elementor-tab-title\" data-tab=\"4\" role=\"button\" aria-controls=\"elementor-tab-content-8074\" aria-expanded=\"false\">\n\t\t\t\t\t\t\t\t\t\t\t\t<span class=\"elementor-toggle-icon elementor-toggle-icon-left\" aria-hidden=\"true\">\n\t\t\t\t\t\t\t\t\t\t\t\t\t\t\t<span class=\"elementor-toggle-icon-closed\"><svg class=\"e-font-icon-svg e-fas-caret-right\" viewBox=\"0 0 192 512\" xmlns=\"http:\/\/www.w3.org\/2000\/svg\"><path d=\"M0 384.662V127.338c0-17.818 21.543-26.741 34.142-14.142l128.662 128.662c7.81 7.81 7.81 20.474 0 28.284L34.142 398.804C21.543 411.404 0 402.48 0 384.662z\"><\/path><\/svg><\/span>\n\t\t\t\t\t\t\t\t<span class=\"elementor-toggle-icon-opened\"><svg class=\"elementor-toggle-icon-opened e-font-icon-svg e-fas-caret-up\" viewBox=\"0 0 320 512\" xmlns=\"http:\/\/www.w3.org\/2000\/svg\"><path d=\"M288.662 352H31.338c-17.818 0-26.741-21.543-14.142-34.142l128.662-128.662c7.81-7.81 20.474-7.81 28.284 0l128.662 128.662c12.6 12.599 3.676 34.142-14.142 34.142z\"><\/path><\/svg><\/span>\n\t\t\t\t\t\t\t\t\t\t\t\t\t<\/span>\n\t\t\t\t\t\t\t\t\t\t\t\t<a class=\"elementor-toggle-title\" tabindex=\"0\"> E\u011fitim \u00c7al\u0131\u015fmalar\u0131<\/a>\n\t\t\t\t\t<\/div>\n\n\t\t\t\t\t<div id=\"elementor-tab-content-8074\" class=\"elementor-tab-content elementor-clearfix\" data-tab=\"4\" role=\"region\" aria-labelledby=\"elementor-tab-title-8074\"><p>Derne\u011fimiz kurulu\u015f amac\u0131na uygun olarak a\u015fa\u011f\u0131da s\u0131ralanan illerde,\u00a0 \u00c7ocuk ihmali ve istismar\u0131n\u0131n \u00f6nlenmesi konusunda; ailelere, \u00fcniversite \u00f6\u011frencilerine, \u00f6\u011fretmenlere, rehber \u00f6\u011fretmenlere, hukuk\u00e7ulara ve alanda \u00e7al\u0131\u015fan di\u011fer meslek gruplar\u0131na y\u00f6nelik e\u011fitim \u00e7al\u0131\u015fmalar\u0131na devam etmektedir. Ayr\u0131ca 2014 y\u0131l\u0131 ba\u015f\u0131 itibariyle Uzmanla Bulu\u015fma Etkinlikleri ad\u0131 alt\u0131nda yukar\u0131da s\u00f6z\u00fc edilen meslek gruplar\u0131na y\u00f6nelik e\u011fitimler belirli aral\u0131klarla Dernek Genel Merkezi\u2019nde s\u00fcrd\u00fcr\u00fclmektedir.<\/p><ul><li>Ankara ve il\u00e7eleri<\/li><li>Antalya<\/li><li>Diyarbak\u0131r<\/li><li>Gaziantep<\/li><li>Bursa<\/li><li>D\u00fczce<\/li><li>Mardin<\/li><li>Ordu (\u00dcnye)<\/li><li>Kastomonu<\/li><li>K\u0131r\u0131kkale<\/li><li>\u00c7ank\u0131r\u0131<\/li><li>Eski\u015fehir<\/li><li>K\u0131r\u015fehir<\/li><li>Samsun<\/li><li>Malatya<\/li><li>Amasya<\/li><li>\u0130zmir<\/li><\/ul><\/div>\n\t\t\t\t<\/div>\n\t\t\t\t\t\t\t<div class=\"elementor-toggle-item\">\n\t\t\t\t\t<div id=\"elementor-tab-title-8075\" class=\"elementor-tab-title\" data-tab=\"5\" role=\"button\" aria-controls=\"elementor-tab-content-8075\" aria-expanded=\"false\">\n\t\t\t\t\t\t\t\t\t\t\t\t<span class=\"elementor-toggle-icon elementor-toggle-icon-left\" aria-hidden=\"true\">\n\t\t\t\t\t\t\t\t\t\t\t\t\t\t\t<span class=\"elementor-toggle-icon-closed\"><svg class=\"e-font-icon-svg e-fas-caret-right\" viewBox=\"0 0 192 512\" xmlns=\"http:\/\/www.w3.org\/2000\/svg\"><path d=\"M0 384.662V127.338c0-17.818 21.543-26.741 34.142-14.142l128.662 128.662c7.81 7.81 7.81 20.474 0 28.284L34.142 398.804C21.543 411.404 0 402.48 0 384.662z\"><\/path><\/svg><\/span>\n\t\t\t\t\t\t\t\t<span class=\"elementor-toggle-icon-opened\"><svg class=\"elementor-toggle-icon-opened e-font-icon-svg e-fas-caret-up\" viewBox=\"0 0 320 512\" xmlns=\"http:\/\/www.w3.org\/2000\/svg\"><path d=\"M288.662 352H31.338c-17.818 0-26.741-21.543-14.142-34.142l128.662-128.662c7.81-7.81 20.474-7.81 28.284 0l128.662 128.662c12.6 12.599 3.676 34.142-14.142 34.142z\"><\/path><\/svg><\/span>\n\t\t\t\t\t\t\t\t\t\t\t\t\t<\/span>\n\t\t\t\t\t\t\t\t\t\t\t\t<a class=\"elementor-toggle-title\" tabindex=\"0\">Projelerimiz<\/a>\n\t\t\t\t\t<\/div>\n\n\t\t\t\t\t<div id=\"elementor-tab-content-8075\" class=\"elementor-tab-content elementor-clearfix\" data-tab=\"5\" role=\"region\" aria-labelledby=\"elementor-tab-title-8075\"><ul><li>Alo \u00c7ocuk Merkezi: Dernek 1988 y\u0131l\u0131nda bir proje ile istismara u\u011fram\u0131\u015f \u00e7ocuklar\u0131n ba\u015fvurabilece\u011fi bir merkez kurmu\u015f, bu merkez pratisyen hekim, psikiyatrist, psikolog, psikolojik dan\u0131\u015fman, sosyal hizmet uzman\u0131 ve avukatlar ile bu \u00e7ocuklara hizmet vermi\u015f, proje s\u00fcrecinin sonunda da merkez SH\u00c7EK\u2019e devredilmi\u015ftir.<\/li><li>Ankara Kazan il\u00e7esi T\u00fcm Kamu Personeli E\u011fitim Projesi: 2007 y\u0131l\u0131 \u015eubat ve May\u0131s aylar\u0131 aras\u0131nda \u00f6\u011fretmen, sa\u011fl\u0131k personeli, kolluk kuvvetleri ve yarg\u0131 mensuplar\u0131 gibi \u00e7ocuklarla \u00e7al\u0131\u015fan ki\u015filere y\u00f6nelik \u201c\u00c7ocuk Ve Kad\u0131n Alan\u0131nda \u00c7al\u0131\u015fan Profesyonellerde \u00c7ocuk \u0130hmal Ve \u0130stismar\u0131, Aile \u0130\u00e7i \u015eiddet Konular\u0131nda Fark\u0131ndal\u0131k Olu\u015fturma Projesi\u201d ger\u00e7ekle\u015ftirilmi\u015ftir.<\/li><li>Benim Ailem Projesi, 0-6 ya\u015f \u00e7ocu\u011fu olan ana babalar i\u00e7in UNICEF-MEB i\u015fbirli\u011fi ile e\u011fitim 2007-2009 y\u0131llar\u0131 aras\u0131nda ger\u00e7ekle\u015ftirilmi\u015ftir.<\/li><li>Benim Ailem Projesi, 7-19 ya\u015f Ergen \u00e7ocu\u011fu olan Ana babalar i\u00e7in UNICEF-MEB i\u015fbirli\u011fi ile e\u011fitim 2007-2009 y\u0131llar\u0131 aras\u0131nda ger\u00e7ekle\u015ftirilmi\u015ftir.<\/li><li>\u00c7ocuk Haklar\u0131 E\u011fitimleri Projesi; Ankara Barosu \u00c7ocuk Haklar\u0131 Merkezi \u0130\u015fbirli\u011fi ile ger\u00e7ekle\u015ftirilmektedir.<\/li><li>KE\u0130D (Kad\u0131n E\u011fitim ve \u0130stihdam Derne\u011fi) taraf\u0131ndan y\u00fcr\u00fct\u00fclen MATRA, \u201cMamak B\u00f6lgesinde Okul \u00f6ncesi E\u011fitimi Destekleme Projesi\u201d kapsam\u0131nda ailelere ve K\u0131z Meslek Liselerinin \u00e7ocuk geli\u015fim mezunu gen\u00e7 k\u0131zlara y\u00f6nelik e\u011fitim program\u0131 Derne\u011fimiz \u00fcyeleri taraf\u0131ndan y\u00fcr\u00fct\u00fclm\u00fc\u015ft\u00fcr.<\/li><\/ul><p>G. \u00dc. Mesleki E\u011fitim Fak\u00fcltesi\u2019nce haz\u0131rlanan, Kat\u0131l\u0131m \u00d6ncesi S\u00fcre\u00e7te Sivil Toplumun G\u00fc\u00e7lendirilmesi STK Hibe Program\u0131 \u00e7er\u00e7evesinde \u201cAction against labour through education and training child to child Approach\u201d projesinde proje orta\u011f\u0131 olunmu\u015ftur.<\/p><\/div>\n\t\t\t\t<\/div>\n\t\t\t\t\t\t\t<div class=\"elementor-toggle-item\">\n\t\t\t\t\t<div id=\"elementor-tab-title-8076\" class=\"elementor-tab-title\" data-tab=\"6\" role=\"button\" aria-controls=\"elementor-tab-content-8076\" aria-expanded=\"false\">\n\t\t\t\t\t\t\t\t\t\t\t\t<span class=\"elementor-toggle-icon elementor-toggle-icon-left\" aria-hidden=\"true\">\n\t\t\t\t\t\t\t\t\t\t\t\t\t\t\t<span class=\"elementor-toggle-icon-closed\"><svg class=\"e-font-icon-svg e-fas-caret-right\" viewBox=\"0 0 192 512\" xmlns=\"http:\/\/www.w3.org\/2000\/svg\"><path d=\"M0 384.662V127.338c0-17.818 21.543-26.741 34.142-14.142l128.662 128.662c7.81 7.81 7.81 20.474 0 28.284L34.142 398.804C21.543 411.404 0 402.48 0 384.662z\"><\/path><\/svg><\/span>\n\t\t\t\t\t\t\t\t<span class=\"elementor-toggle-icon-opened\"><svg class=\"elementor-toggle-icon-opened e-font-icon-svg e-fas-caret-up\" viewBox=\"0 0 320 512\" xmlns=\"http:\/\/www.w3.org\/2000\/svg\"><path d=\"M288.662 352H31.338c-17.818 0-26.741-21.543-14.142-34.142l128.662-128.662c7.81-7.81 20.474-7.81 28.284 0l128.662 128.662c12.6 12.599 3.676 34.142-14.142 34.142z\"><\/path><\/svg><\/span>\n\t\t\t\t\t\t\t\t\t\t\t\t\t<\/span>\n\t\t\t\t\t\t\t\t\t\t\t\t<a class=\"elementor-toggle-title\" tabindex=\"0\">\u0130\u015fbirli\u011fi i\u00e7inde olunan Sivil Toplum \u00d6rg\u00fctleri<\/a>\n\t\t\t\t\t<\/div>\n\n\t\t\t\t\t<div id=\"elementor-tab-content-8076\" class=\"elementor-tab-content elementor-clearfix\" data-tab=\"6\" role=\"region\" aria-labelledby=\"elementor-tab-title-8076\"><ul><li>Ankara Barosu \u00c7ocuk Haklar\u0131 Kurulu<\/li><li><span style=\"font-size: 16px;\">G\u00fcndem \u00c7ocuk<\/span><\/li><li>\u00c7ocuk Cezaevleri Kapat\u0131ls\u0131n Giri\u015fimi<\/li><li><span style=\"font-size: 16px;\">Birle\u015fmi\u015f Milletler Ekonomik ve Sosyal Konseyi&#8217;ne ba\u011fl\u0131 ECPAT (\u00c7ocuk Fuhu\u015funa, Pornografisine Ve Cinsel Ama\u00e7l\u0131 \u00c7ocuk Ticaretine Son) T\u00fcrkiye A\u011f\u0131 \u00dcyeli\u011fi<\/span><\/li><li>\u00d6zg\u00fcrl\u00fc\u011f\u00fcnden Yoksun Gen\u00e7lerle Dayan\u0131\u015fma Derne\u011fi (\u00d6zge-Der)<\/li><li>T\u00fcrkiye \u00c7ocuklara Yeniden \u00d6zg\u00fcrl\u00fck Vakf\u0131<\/li><li>Uluslararas\u0131 \u00c7ocuk Merkezi Derne\u011fi (ICC)<\/li><li>Uluslararas\u0131 Af \u00d6rg\u00fct\u00fc T\u00fcrkiye \u015eubesi<\/li><li>\u00c7ocuklar\u0131n Ticari Ve Cinsel S\u00f6m\u00fcr\u00fcs\u00fc \u0130le M\u00fccadele A\u011f\u0131<\/li><li>Sosyal Hizmet Uzmanlar\u0131 Derne\u011fi<\/li><li>Evlat Edinme Ve Koruyucu Aile Dernekleri<\/li><li>\u00c7a\u011fda\u015f Ya\u015fam\u0131 Destekleme Derne\u011fi<\/li><li>Ankara \u00c7ocuk Haklar\u0131 Platformu<\/li><li>\u00c7ocu\u011fa Y\u00f6nelik \u015eiddetin \u00d6nlenmesi \u0130\u00e7in Ortakl\u0131k A\u011f\u0131 \u00c7al\u0131\u015fmalar\u0131<\/li><\/ul><\/div>\n\t\t\t\t<\/div>\n\t\t\t\t\t\t\t<div class=\"elementor-toggle-item\">\n\t\t\t\t\t<div id=\"elementor-tab-title-8077\" class=\"elementor-tab-title\" data-tab=\"7\" role=\"button\" aria-controls=\"elementor-tab-content-8077\" aria-expanded=\"false\">\n\t\t\t\t\t\t\t\t\t\t\t\t<span class=\"elementor-toggle-icon elementor-toggle-icon-left\" aria-hidden=\"true\">\n\t\t\t\t\t\t\t\t\t\t\t\t\t\t\t<span class=\"elementor-toggle-icon-closed\"><svg class=\"e-font-icon-svg e-fas-caret-right\" viewBox=\"0 0 192 512\" xmlns=\"http:\/\/www.w3.org\/2000\/svg\"><path d=\"M0 384.662V127.338c0-17.818 21.543-26.741 34.142-14.142l128.662 128.662c7.81 7.81 7.81 20.474 0 28.284L34.142 398.804C21.543 411.404 0 402.48 0 384.662z\"><\/path><\/svg><\/span>\n\t\t\t\t\t\t\t\t<span class=\"elementor-toggle-icon-opened\"><svg class=\"elementor-toggle-icon-opened e-font-icon-svg e-fas-caret-up\" viewBox=\"0 0 320 512\" xmlns=\"http:\/\/www.w3.org\/2000\/svg\"><path d=\"M288.662 352H31.338c-17.818 0-26.741-21.543-14.142-34.142l128.662-128.662c7.81-7.81 20.474-7.81 28.284 0l128.662 128.662c12.6 12.599 3.676 34.142-14.142 34.142z\"><\/path><\/svg><\/span>\n\t\t\t\t\t\t\t\t\t\t\t\t\t<\/span>\n\t\t\t\t\t\t\t\t\t\t\t\t<a class=\"elementor-toggle-title\" tabindex=\"0\"> Bas\u0131n Bildirilerimiz<\/a>\n\t\t\t\t\t<\/div>\n\n\t\t\t\t\t<div id=\"elementor-tab-content-8077\" class=\"elementor-tab-content elementor-clearfix\" data-tab=\"7\" role=\"region\" aria-labelledby=\"elementor-tab-title-8077\"><p>Derne\u011fimizin \u00e7ocu\u011fun temel haklar\u0131n\u0131 ilgilendiren her konuda bas\u0131n bildirileri d\u00fczenleyerek bu konudaki g\u00f6r\u00fc\u015flerini bas\u0131n yolu ile kamuoyu ile payla\u015f\u0131lm\u0131\u015ft\u0131r. Aile ve Sosyal Politikalar Bakanl\u0131\u011f\u0131\u2019n\u0131n baz\u0131 y\u00f6netmelik de\u011fi\u015fikliklerindeki yanl\u0131\u015flar\u0131n te\u015fhiri gibi.<\/p><p>Bunlar\u0131n baz\u0131lar\u0131;<\/p><ul><li><span style=\"font-size: 16px;\">4+4+4 e\u011fitim sistemi,<\/span><\/li><li>\u0130lk\u00f6\u011fretimde t\u00fcrban,<\/li><li>K\u00fcrtaj,<\/li><li>Evlat Edinme Sistemini Y\u0131pratmak \u0130steyenleri K\u0131n\u0131yoruz,<\/li><li>\u00c7ocu\u011fu ve kad\u0131n\u0131 de\u011fil, tecav\u00fcz edeni koruyan d\u00fczenlemeler yap\u0131lmas\u0131 fikrine kar\u015f\u0131y\u0131z<\/li><li>Tecav\u00fczc\u00fcleri Korumay\u0131n<\/li><li>Gezi Direni\u015fi<\/li><li>\u00c7ocuk Cezaevleri Kapat\u0131ls\u0131n<\/li><li>Yarg\u0131 Eliyle \u00c7ocuk \u0130stismar\u0131n\u0131n Desteklenmesi Son Bulmal\u0131<\/li><li>D\u00fcnya \u00c7ocuk Haklar\u0131 G\u00fcn\u00fc Bildirgesi<\/li><li>Berkin Elvan\u2019\u0131n \u00d6l\u00fcm\u00fc<\/li><li>\u00c7ocuklar \u0130\u00e7in Kayg\u0131l\u0131y\u0131z (23 Nisan Bas\u0131n Bildirisi)<\/li><li>Soma Maden Facias\u0131na ili\u015fkin Bas\u0131n Bildirisi<\/li><li>Orta\u00f6\u011fretim K\u0131l\u0131k K\u0131yafet Y\u00f6netmeli\u011fi hakk\u0131nda Bas\u0131n Bildirisi<\/li><\/ul><\/div>\n\t\t\t\t<\/div>\n\t\t\t\t\t\t\t<div class=\"elementor-toggle-item\">\n\t\t\t\t\t<div id=\"elementor-tab-title-8078\" class=\"elementor-tab-title\" data-tab=\"8\" role=\"button\" aria-controls=\"elementor-tab-content-8078\" aria-expanded=\"false\">\n\t\t\t\t\t\t\t\t\t\t\t\t<span class=\"elementor-toggle-icon elementor-toggle-icon-left\" aria-hidden=\"true\">\n\t\t\t\t\t\t\t\t\t\t\t\t\t\t\t<span class=\"elementor-toggle-icon-closed\"><svg class=\"e-font-icon-svg e-fas-caret-right\" viewBox=\"0 0 192 512\" xmlns=\"http:\/\/www.w3.org\/2000\/svg\"><path d=\"M0 384.662V127.338c0-17.818 21.543-26.741 34.142-14.142l128.662 128.662c7.81 7.81 7.81 20.474 0 28.284L34.142 398.804C21.543 411.404 0 402.48 0 384.662z\"><\/path><\/svg><\/span>\n\t\t\t\t\t\t\t\t<span class=\"elementor-toggle-icon-opened\"><svg class=\"elementor-toggle-icon-opened e-font-icon-svg e-fas-caret-up\" viewBox=\"0 0 320 512\" xmlns=\"http:\/\/www.w3.org\/2000\/svg\"><path d=\"M288.662 352H31.338c-17.818 0-26.741-21.543-14.142-34.142l128.662-128.662c7.81-7.81 20.474-7.81 28.284 0l128.662 128.662c12.6 12.599 3.676 34.142-14.142 34.142z\"><\/path><\/svg><\/span>\n\t\t\t\t\t\t\t\t\t\t\t\t\t<\/span>\n\t\t\t\t\t\t\t\t\t\t\t\t<a class=\"elementor-toggle-title\" tabindex=\"0\">Radyo Ve Televizyon Programlar\u0131<\/a>\n\t\t\t\t\t<\/div>\n\n\t\t\t\t\t<div id=\"elementor-tab-content-8078\" class=\"elementor-tab-content elementor-clearfix\" data-tab=\"8\" role=\"region\" aria-labelledby=\"elementor-tab-title-8078\"><p>Dernek y\u00f6netim kurulu \u00fcyelerimiz \u00e7ocuk istismar\u0131n\u0131n ve ihmalinin \u00f6nlenmesi, \u00e7ocuk haklar\u0131, \u00e7ocuk sa\u011fl\u0131\u011f\u0131, \u00e7ocuk ve kad\u0131na \u015fiddet ve benzeri ba\u015fl\u0131klarda,\u00a0 bir\u00e7ok TV ve radyo program\u0131nlar\u0131na \u00a0kat\u0131larak bilgilendirmede bulunmu\u015flard\u0131r.<\/p><ul><li>6 May\u0131s 2014\u2019de Habert\u00fcrk\u2019de \u00e7ocuk istismar\u0131 ve ihmalinin \u00f6nlenmesine y\u00f6nelik programa konuk olunmu\u015ftur.<\/li><li>TRT Ankara Radyosu\u2019 da \u00e7ocuk istismar\u0131 i\u00e7erikli\u00a0 konu\u015fma yap\u0131lm\u0131\u015ft\u0131r.<\/li><li>2014 ve 2015\u2019de TRT 1\u2019de kamu spotu niteli\u011finde programa Y\u00f6netim Kurulu \u00fcyelerimiz bilgilendirici mesajlar vererek destek olunmu\u015ftur.<\/li><li>2 Nisan 2015 tarihinde Radyo Do\u011fa&#8217;da Leyla Yi\u011fit ARAZ\u00a0 ile netlik ayar\u0131 program\u0131nda \u00c7ocuk \u0130stismar\u0131 Ve \u0130hmali konusunda canl\u0131 yay\u0131n konu\u011fu olarak kat\u0131l\u0131m sa\u011flanm\u0131\u015ft\u0131r.<\/li><\/ul><p>9 aral\u0131k 2015 tarihinde Radyo Do\u011fa&#8217;da Leyla Yi\u011fit ARAZ\u00a0 ile netlik ayar\u0131 program\u0131nda \u00c7ocuk Gelinler konusunda canl\u0131 yay\u0131n konu\u011fu olarak kat\u0131l\u0131m sa\u011flanm\u0131\u015ft\u0131r.<\/p><\/div>\n\t\t\t\t<\/div>\n\t\t\t\t\t\t\t<div class=\"elementor-toggle-item\">\n\t\t\t\t\t<div id=\"elementor-tab-title-8079\" class=\"elementor-tab-title\" data-tab=\"9\" role=\"button\" aria-controls=\"elementor-tab-content-8079\" aria-expanded=\"false\">\n\t\t\t\t\t\t\t\t\t\t\t\t<span class=\"elementor-toggle-icon elementor-toggle-icon-left\" aria-hidden=\"true\">\n\t\t\t\t\t\t\t\t\t\t\t\t\t\t\t<span class=\"elementor-toggle-icon-closed\"><svg class=\"e-font-icon-svg e-fas-caret-right\" viewBox=\"0 0 192 512\" xmlns=\"http:\/\/www.w3.org\/2000\/svg\"><path d=\"M0 384.662V127.338c0-17.818 21.543-26.741 34.142-14.142l128.662 128.662c7.81 7.81 7.81 20.474 0 28.284L34.142 398.804C21.543 411.404 0 402.48 0 384.662z\"><\/path><\/svg><\/span>\n\t\t\t\t\t\t\t\t<span class=\"elementor-toggle-icon-opened\"><svg class=\"elementor-toggle-icon-opened e-font-icon-svg e-fas-caret-up\" viewBox=\"0 0 320 512\" xmlns=\"http:\/\/www.w3.org\/2000\/svg\"><path d=\"M288.662 352H31.338c-17.818 0-26.741-21.543-14.142-34.142l128.662-128.662c7.81-7.81 20.474-7.81 28.284 0l128.662 128.662c12.6 12.599 3.676 34.142-14.142 34.142z\"><\/path><\/svg><\/span>\n\t\t\t\t\t\t\t\t\t\t\t\t\t<\/span>\n\t\t\t\t\t\t\t\t\t\t\t\t<a class=\"elementor-toggle-title\" tabindex=\"0\">Film \u0130zleme Ve Tart\u0131\u015fma Programlar\u0131m\u0131z<\/a>\n\t\t\t\t\t<\/div>\n\n\t\t\t\t\t<div id=\"elementor-tab-content-8079\" class=\"elementor-tab-content elementor-clearfix\" data-tab=\"9\" role=\"region\" aria-labelledby=\"elementor-tab-title-8079\"><p>Derne\u011fimizin \u00e7al\u0131\u015fmalar\u0131 aras\u0131nda t\u00fcm \u00fcyelerimize a\u00e7\u0131k olarak \u00e7ocuk ihmal ve istismar\u0131 konusunda Prof. Dr. Bahar G\u00f6kler\u2019in moderat\u00f6rl\u00fc\u011f\u00fcnde bir film veya tiyatro g\u00f6sterimi yap\u0131lmakta ard\u0131ndan ise analiz yap\u0131lmaktad\u0131r. Film izleme seanslar\u0131 i\u00e7in Ankara Barosu ile i\u015fbirli\u011fi yap\u0131lm\u0131\u015ft\u0131r.<\/p><\/div>\n\t\t\t\t<\/div>\n\t\t\t\t\t\t\t<div class=\"elementor-toggle-item\">\n\t\t\t\t\t<div id=\"elementor-tab-title-80710\" class=\"elementor-tab-title\" data-tab=\"10\" role=\"button\" aria-controls=\"elementor-tab-content-80710\" aria-expanded=\"false\">\n\t\t\t\t\t\t\t\t\t\t\t\t<span class=\"elementor-toggle-icon elementor-toggle-icon-left\" aria-hidden=\"true\">\n\t\t\t\t\t\t\t\t\t\t\t\t\t\t\t<span class=\"elementor-toggle-icon-closed\"><svg class=\"e-font-icon-svg e-fas-caret-right\" viewBox=\"0 0 192 512\" xmlns=\"http:\/\/www.w3.org\/2000\/svg\"><path d=\"M0 384.662V127.338c0-17.818 21.543-26.741 34.142-14.142l128.662 128.662c7.81 7.81 7.81 20.474 0 28.284L34.142 398.804C21.543 411.404 0 402.48 0 384.662z\"><\/path><\/svg><\/span>\n\t\t\t\t\t\t\t\t<span class=\"elementor-toggle-icon-opened\"><svg class=\"elementor-toggle-icon-opened e-font-icon-svg e-fas-caret-up\" viewBox=\"0 0 320 512\" xmlns=\"http:\/\/www.w3.org\/2000\/svg\"><path d=\"M288.662 352H31.338c-17.818 0-26.741-21.543-14.142-34.142l128.662-128.662c7.81-7.81 20.474-7.81 28.284 0l128.662 128.662c12.6 12.599 3.676 34.142-14.142 34.142z\"><\/path><\/svg><\/span>\n\t\t\t\t\t\t\t\t\t\t\t\t\t<\/span>\n\t\t\t\t\t\t\t\t\t\t\t\t<a class=\"elementor-toggle-title\" tabindex=\"0\">Yay\u0131nlar\u0131m\u0131z:<\/a>\n\t\t\t\t\t<\/div>\n\n\t\t\t\t\t<div id=\"elementor-tab-content-80710\" class=\"elementor-tab-content elementor-clearfix\" data-tab=\"10\" role=\"region\" aria-labelledby=\"elementor-tab-title-80710\"><ul><li>Anababalar \u0130\u00e7in Bir Rehber Kitab\u0131 &#8211; 1999<\/li><li>\u00c7ocuk \u0130stismar\u0131 Ve \u0130hmali Kitab\u0131 &#8211; 1991<\/li><li>\u00c7ocuk \u0130stismar\u0131na ve \u0130hmaline Multidisipliner Yakla\u015f\u0131m &#8211; 2006<\/li><li>\u0130stismara U\u011fram\u0131\u015f \u00c7ocu\u011fa Yakla\u015f\u0131m &#8211; 2008<\/li><li>\u00c7ocuklara K\u00f6t\u00fc Muamelenin \u00d6nlenmesi<\/li><li>\u00c7ocuk \u0130hmalini ve \u0130stismar\u0131n\u0131 \u00d6nleme \u00d6\u011fretmenler ve Aileler i\u00e7in E\u011fitim K\u0131lavuzu &#8211; 2008<\/li><li>\u00c7ocuk \u0130stismar\u0131 ve \u0130hmali Terimleri &#8211; 2011<\/li><li>Gen\u00e7lik Kolu Uygulama Kitab\u0131 &#8211; 2012<\/li><li>\u00c7ocuk \u0130stismar\u0131na ve \u0130hmaline Yakla\u015f\u0131m &#8211; 2014<\/li><\/ul><\/div>\n\t\t\t\t<\/div>\n\t\t\t\t\t\t\t<div class=\"elementor-toggle-item\">\n\t\t\t\t\t<div id=\"elementor-tab-title-80711\" class=\"elementor-tab-title\" data-tab=\"11\" role=\"button\" aria-controls=\"elementor-tab-content-80711\" aria-expanded=\"false\">\n\t\t\t\t\t\t\t\t\t\t\t\t<span class=\"elementor-toggle-icon elementor-toggle-icon-left\" aria-hidden=\"true\">\n\t\t\t\t\t\t\t\t\t\t\t\t\t\t\t<span class=\"elementor-toggle-icon-closed\"><svg class=\"e-font-icon-svg e-fas-caret-right\" viewBox=\"0 0 192 512\" xmlns=\"http:\/\/www.w3.org\/2000\/svg\"><path d=\"M0 384.662V127.338c0-17.818 21.543-26.741 34.142-14.142l128.662 128.662c7.81 7.81 7.81 20.474 0 28.284L34.142 398.804C21.543 411.404 0 402.48 0 384.662z\"><\/path><\/svg><\/span>\n\t\t\t\t\t\t\t\t<span class=\"elementor-toggle-icon-opened\"><svg class=\"elementor-toggle-icon-opened e-font-icon-svg e-fas-caret-up\" viewBox=\"0 0 320 512\" xmlns=\"http:\/\/www.w3.org\/2000\/svg\"><path d=\"M288.662 352H31.338c-17.818 0-26.741-21.543-14.142-34.142l128.662-128.662c7.81-7.81 20.474-7.81 28.284 0l128.662 128.662c12.6 12.599 3.676 34.142-14.142 34.142z\"><\/path><\/svg><\/span>\n\t\t\t\t\t\t\t\t\t\t\t\t\t<\/span>\n\t\t\t\t\t\t\t\t\t\t\t\t<a class=\"elementor-toggle-title\" tabindex=\"0\"> Kongre, Sempozyum, \u00c7al\u0131\u015ftay, Panel Vb. \u00c7al\u0131\u015fmalar\u0131m\u0131z<\/a>\n\t\t\t\t\t<\/div>\n\n\t\t\t\t\t<div id=\"elementor-tab-content-80711\" class=\"elementor-tab-content elementor-clearfix\" data-tab=\"11\" role=\"region\" aria-labelledby=\"elementor-tab-title-80711\"><ol><li>12-14 Haziran 1989 tarihinde \u201c\u00c7ocuklar\u0131n K\u00f6t\u00fc Muameleden Korunmas\u0131 I. Ulusal Kongresi\u201d Ankara \u00dcniversitesi EBF, ILO, UNICEF ve WHO i\u015fbirli\u011fiyle Ankara\u2019da d\u00fczenlenmi\u015ftir.<\/li><li>20-24 Aral\u0131k 1993 tarihlerinde \u201c\u0130stismar Edilen \u00c7ocuklar\u0131n ve Ailelerin Sa\u011falt\u0131m\u0131 Kongresi\u201d Ankara\u2019da d\u00fczenlenmi\u015ftir.<\/li><li>24-26 Nisan 1996 tarihlerinde \u201c\u00c7ocuk \u0130stismar\u0131 ve \u0130hmalini \u00d6nleme II. Ulusal Kongre\u201d Ankara\u2019da d\u00fczenlenmi\u015ftir.<\/li><li>26-28 May\u0131s 2010 tarihlerinde \u201c\u00c7ocuk \u0130stismar\u0131n\u0131 ve \u0130hmalini \u00d6nleme Kongresi-Sars\u0131lm\u0131\u015f Bebek Sendromu-\u0130stismara Ba\u011fl\u0131 Kafa Travmalar\u0131\u201d konusunda Ankara \u00dcniversitesi\u2019nde d\u00fczenlemi\u015ftir<\/li><\/ol><h6>Avrupa Kongresi<\/h6><p>24-27 A\u011fustos 2001 tarihlerinde \u201c\u00c7ocuk \u0130stismar\u0131 ve \u0130hmalinin \u00d6nlenmesi 8. Avrupa Kongresi\u201d \u0130stanbul\u2019da d\u00fczenlenmi\u015ftir. Ana temas\u0131 \u201c\u00c7ocuk Koruma Politikalar\u0131n\u0131n ve Uygulamalar\u0131n\u0131n Geli\u015ftirilmesi\u201ddir. Bir Avrupa Konferans\u0131 olmas\u0131na ra\u011fmen 6 k\u0131tada yer alan 57 \u00fclkeden 415 uzman kat\u0131lm\u0131\u015ft\u0131r.<\/p><h6>D\u00fcnya Kongresi<\/h6><p>09 &#8211; 12 Eyl\u00fcl 2012 tarihleri aras\u0131nda \u201cUluslararas\u0131 \u00c7ocuk \u0130stismar\u0131n\u0131 ve \u0130hmalini \u00d6nleme Derne\u011fi\u201d (ISPCAN) ve \u201cT\u00fcrkiye \u00c7ocuk \u0130stismar\u0131n\u0131 ve \u0130hmalini \u00d6nleme Derne\u011fi\u201dnin \u201cXIX. ISPCAN Uluslararas\u0131 \u00c7ocuk \u0130stismar\u0131n\u0131 ve \u0130hmalini \u00d6nleme Kongresi\u201d\u00a0 \u0130stanbul\u2019da d\u00fczenlenmi\u015ftir.<\/p><p>23-25 Ekim 2014 tarihinde \u00c7ocuk Koruma Merkezlerine Destekleme Derne\u011fi, UNICEF ve derne\u011fimiz i\u015fbirli\u011fi ile \u0130stanbul\u2019da \u201cI. Uluslararas\u0131 \u00c7ocuk Koruma Kongresi\u201d d\u00fczenlenmi\u015ftir.<\/p><p>11-13 Kas\u0131m 2016 tarihinde \u00c7ocuk Koruma Merkezlerine Destekleme Derne\u011fi, UNICEF ve derne\u011fimiz i\u015fbirli\u011fi ile Ankara \u2019da \u201c2. Uluslararas\u0131 \u00c7ocuk Koruma Kongresi\u201d d\u00fczenlenmi\u015ftir.<\/p><\/div>\n\t\t\t\t<\/div>\n\t\t\t\t\t\t\t<div class=\"elementor-toggle-item\">\n\t\t\t\t\t<div id=\"elementor-tab-title-80712\" class=\"elementor-tab-title\" data-tab=\"12\" role=\"button\" aria-controls=\"elementor-tab-content-80712\" aria-expanded=\"false\">\n\t\t\t\t\t\t\t\t\t\t\t\t<span class=\"elementor-toggle-icon elementor-toggle-icon-left\" aria-hidden=\"true\">\n\t\t\t\t\t\t\t\t\t\t\t\t\t\t\t<span class=\"elementor-toggle-icon-closed\"><svg class=\"e-font-icon-svg e-fas-caret-right\" viewBox=\"0 0 192 512\" xmlns=\"http:\/\/www.w3.org\/2000\/svg\"><path d=\"M0 384.662V127.338c0-17.818 21.543-26.741 34.142-14.142l128.662 128.662c7.81 7.81 7.81 20.474 0 28.284L34.142 398.804C21.543 411.404 0 402.48 0 384.662z\"><\/path><\/svg><\/span>\n\t\t\t\t\t\t\t\t<span class=\"elementor-toggle-icon-opened\"><svg class=\"elementor-toggle-icon-opened e-font-icon-svg e-fas-caret-up\" viewBox=\"0 0 320 512\" xmlns=\"http:\/\/www.w3.org\/2000\/svg\"><path d=\"M288.662 352H31.338c-17.818 0-26.741-21.543-14.142-34.142l128.662-128.662c7.81-7.81 20.474-7.81 28.284 0l128.662 128.662c12.6 12.599 3.676 34.142-14.142 34.142z\"><\/path><\/svg><\/span>\n\t\t\t\t\t\t\t\t\t\t\t\t\t<\/span>\n\t\t\t\t\t\t\t\t\t\t\t\t<a class=\"elementor-toggle-title\" tabindex=\"0\">Sempozyumlar\u0131m\u0131z<\/a>\n\t\t\t\t\t<\/div>\n\n\t\t\t\t\t<div id=\"elementor-tab-content-80712\" class=\"elementor-tab-content elementor-clearfix\" data-tab=\"12\" role=\"region\" aria-labelledby=\"elementor-tab-title-80712\"><ol><li>16-17 May\u0131s 2006 tarihlerinde Gazi \u00dcniversitesi\u2019nde \u201c\u00c7ocuk \u0130stismar\u0131 ve \u0130hmaline Multidisipliner Yakla\u015f\u0131m\u201d uluslararas\u0131 kat\u0131l\u0131ml\u0131 bir sempozyum d\u00fczenlemi\u015ftir.<\/li><li>8-10 May\u0131s 2008 tarihlerinde \u201c\u00c7ocuk \u0130stismar\u0131n\u0131 ve \u0130hmalini \u00d6nleme Sempozyumu\u201d Ankara\u2019da d\u00fczenlenmi\u015ftir.<\/li><li>11 Nisan 2009 tarihinde \u201c\u00c7ocuk \u0130stismar\u0131nda Fark\u0131ndal\u0131k Sempozyumu\u201d Gaziantep\u2019te d\u00fczenlenmi\u015ftir.<\/li><li>02-03 May\u0131s 2013 tarihlerinde \u201c\u00c7ocuk \u0130hmal Ve \u0130stismar\u0131\u201d Sempozyumu\u201d K\u0131r\u015fehir\u2019de d\u00fczenlenmi\u015ftir.<\/li><li>22-23 Kas\u0131m 2013 tarihlerinde \u201c\u00c7ocuk \u0130stismar\u0131n\u0131 ve \u0130hmalini \u00d6nleme Sempozyumu\u201d Lefko\u015fa\u2019da d\u00fczenlenmi\u015ftir.<\/li><li>06 May\u0131s 2015 tarihinde &#8220;\u00c7ocuk istismar\u0131n\u0131n Fark\u0131nda m\u0131y\u0131z? Sempozyumu\u201d Gaziantep SANKO \u00dcniversitesinde d\u00fczenlenmi\u015ftir.<\/li><li>18 Aral\u0131k 2015 tarihinde \u201cBar\u0131\u015f, en \u00e7ok da \u00c7ocuklar \u0130\u00e7in Sempozyumu&#8221; Ankara\u2019da d\u00fczenlenmi\u015ftir.<\/li><\/ol><\/div>\n\t\t\t\t<\/div>\n\t\t\t\t\t\t\t<div class=\"elementor-toggle-item\">\n\t\t\t\t\t<div id=\"elementor-tab-title-80713\" class=\"elementor-tab-title\" data-tab=\"13\" role=\"button\" aria-controls=\"elementor-tab-content-80713\" aria-expanded=\"false\">\n\t\t\t\t\t\t\t\t\t\t\t\t<span class=\"elementor-toggle-icon elementor-toggle-icon-left\" aria-hidden=\"true\">\n\t\t\t\t\t\t\t\t\t\t\t\t\t\t\t<span class=\"elementor-toggle-icon-closed\"><svg class=\"e-font-icon-svg e-fas-caret-right\" viewBox=\"0 0 192 512\" xmlns=\"http:\/\/www.w3.org\/2000\/svg\"><path d=\"M0 384.662V127.338c0-17.818 21.543-26.741 34.142-14.142l128.662 128.662c7.81 7.81 7.81 20.474 0 28.284L34.142 398.804C21.543 411.404 0 402.48 0 384.662z\"><\/path><\/svg><\/span>\n\t\t\t\t\t\t\t\t<span class=\"elementor-toggle-icon-opened\"><svg class=\"elementor-toggle-icon-opened e-font-icon-svg e-fas-caret-up\" viewBox=\"0 0 320 512\" xmlns=\"http:\/\/www.w3.org\/2000\/svg\"><path d=\"M288.662 352H31.338c-17.818 0-26.741-21.543-14.142-34.142l128.662-128.662c7.81-7.81 20.474-7.81 28.284 0l128.662 128.662c12.6 12.599 3.676 34.142-14.142 34.142z\"><\/path><\/svg><\/span>\n\t\t\t\t\t\t\t\t\t\t\t\t\t<\/span>\n\t\t\t\t\t\t\t\t\t\t\t\t<a class=\"elementor-toggle-title\" tabindex=\"0\">\u00c7al\u0131\u015ftaylar\u0131m\u0131z<\/a>\n\t\t\t\t\t<\/div>\n\n\t\t\t\t\t<div id=\"elementor-tab-content-80713\" class=\"elementor-tab-content elementor-clearfix\" data-tab=\"13\" role=\"region\" aria-labelledby=\"elementor-tab-title-80713\"><ol><li>2008 y\u0131l\u0131 \u015eubat ay\u0131nda \u201c\u0130stismara U\u011fram\u0131\u015f \u00c7ocu\u011fa Psikodramatik Yakla\u015f\u0131m \u00c7al\u0131\u015ftay\u0131\u201d d\u00fczenlenmi\u015ftir.<\/li><li>04-06 Mart 2014 tarihlerinde \u201cYerel D\u00fczeyde \u00c7ocuk \u0130stismar\u0131n\u0131 ve \u0130hmalini \u00d6nleme \u00c7al\u0131\u015ftay\u0131\u201d Eski\u015fehir\u2019de d\u00fczenlenmi\u015ftir.<\/li><li>21 Mart 2014 tarihinde \u201cT\u00fcrkiye\u2019de K\u0131z \u00c7ocu\u011fu Olmak\u201d \u00c7al\u0131\u015ftay\u0131 Ankara\u2019da d\u00fczenlenmi\u015ftir.<\/li><\/ol><\/div>\n\t\t\t\t<\/div>\n\t\t\t\t\t\t\t<div class=\"elementor-toggle-item\">\n\t\t\t\t\t<div id=\"elementor-tab-title-80714\" class=\"elementor-tab-title\" data-tab=\"14\" role=\"button\" aria-controls=\"elementor-tab-content-80714\" aria-expanded=\"false\">\n\t\t\t\t\t\t\t\t\t\t\t\t<span class=\"elementor-toggle-icon elementor-toggle-icon-left\" aria-hidden=\"true\">\n\t\t\t\t\t\t\t\t\t\t\t\t\t\t\t<span class=\"elementor-toggle-icon-closed\"><svg class=\"e-font-icon-svg e-fas-caret-right\" viewBox=\"0 0 192 512\" xmlns=\"http:\/\/www.w3.org\/2000\/svg\"><path d=\"M0 384.662V127.338c0-17.818 21.543-26.741 34.142-14.142l128.662 128.662c7.81 7.81 7.81 20.474 0 28.284L34.142 398.804C21.543 411.404 0 402.48 0 384.662z\"><\/path><\/svg><\/span>\n\t\t\t\t\t\t\t\t<span class=\"elementor-toggle-icon-opened\"><svg class=\"elementor-toggle-icon-opened e-font-icon-svg e-fas-caret-up\" viewBox=\"0 0 320 512\" xmlns=\"http:\/\/www.w3.org\/2000\/svg\"><path d=\"M288.662 352H31.338c-17.818 0-26.741-21.543-14.142-34.142l128.662-128.662c7.81-7.81 20.474-7.81 28.284 0l128.662 128.662c12.6 12.599 3.676 34.142-14.142 34.142z\"><\/path><\/svg><\/span>\n\t\t\t\t\t\t\t\t\t\t\t\t\t<\/span>\n\t\t\t\t\t\t\t\t\t\t\t\t<a class=\"elementor-toggle-title\" tabindex=\"0\">Panellerimiz<\/a>\n\t\t\t\t\t<\/div>\n\n\t\t\t\t\t<div id=\"elementor-tab-content-80714\" class=\"elementor-tab-content elementor-clearfix\" data-tab=\"14\" role=\"region\" aria-labelledby=\"elementor-tab-title-80714\"><ol><li>19 Nisan 1990 tarihinde \u201c\u00c7ocuk Haklar\u0131 S\u00f6zle\u015fmesi\u201d Paneli Ankara \u00dcniversitesi E\u011fitim Bilimleri Fak\u00fcltesi i\u015fbirli\u011fi ile Ankara\u2019da d\u00fczenlenmi\u015ftir.<\/li><li>08 Mart 2013 tarihinde \u201c\u0130stismar\u0131n\u0131n \u00d6nlenmesi ve \u0130stismara U\u011fram\u0131\u015f \u00c7ocuklarla \u0130lgili Yasal D\u00fczenlemeler\u201d Konulu Panel Samsun\u2019da d\u00fczenlenmi\u015ftir.<\/li><li>22 Mart\u00a02013 tarihinde \u201c\u00c7ocuk \u0130stismar\u0131n\u0131n \u00d6nlenmesi ve \u0130stismara U\u011fram\u0131\u015f \u00c7ocuklarla \u0130lgili Yasal D\u00fczenlemeler\u201d Konulu Panel Ayd\u0131n\u2019da d\u00fczenlenmi\u015ftir.<\/li><li>14 Nisan 2013 tarihinde \u201c\u00c7ocuk \u0130stismar\u0131na B\u00fct\u00fcnc\u00fcl Yakla\u015f\u0131mlar\u201d Konulu Panel Kastamonu\u2019da d\u00fczenlenmi\u015ftir.<\/li><\/ol><\/div>\n\t\t\t\t<\/div>\n\t\t\t\t\t\t\t<div class=\"elementor-toggle-item\">\n\t\t\t\t\t<div id=\"elementor-tab-title-80715\" class=\"elementor-tab-title\" data-tab=\"15\" role=\"button\" aria-controls=\"elementor-tab-content-80715\" aria-expanded=\"false\">\n\t\t\t\t\t\t\t\t\t\t\t\t<span class=\"elementor-toggle-icon elementor-toggle-icon-left\" aria-hidden=\"true\">\n\t\t\t\t\t\t\t\t\t\t\t\t\t\t\t<span class=\"elementor-toggle-icon-closed\"><svg class=\"e-font-icon-svg e-fas-caret-right\" viewBox=\"0 0 192 512\" xmlns=\"http:\/\/www.w3.org\/2000\/svg\"><path d=\"M0 384.662V127.338c0-17.818 21.543-26.741 34.142-14.142l128.662 128.662c7.81 7.81 7.81 20.474 0 28.284L34.142 398.804C21.543 411.404 0 402.48 0 384.662z\"><\/path><\/svg><\/span>\n\t\t\t\t\t\t\t\t<span class=\"elementor-toggle-icon-opened\"><svg class=\"elementor-toggle-icon-opened e-font-icon-svg e-fas-caret-up\" viewBox=\"0 0 320 512\" xmlns=\"http:\/\/www.w3.org\/2000\/svg\"><path d=\"M288.662 352H31.338c-17.818 0-26.741-21.543-14.142-34.142l128.662-128.662c7.81-7.81 20.474-7.81 28.284 0l128.662 128.662c12.6 12.599 3.676 34.142-14.142 34.142z\"><\/path><\/svg><\/span>\n\t\t\t\t\t\t\t\t\t\t\t\t\t<\/span>\n\t\t\t\t\t\t\t\t\t\t\t\t<a class=\"elementor-toggle-title\" tabindex=\"0\">Seminerlerimiz<\/a>\n\t\t\t\t\t<\/div>\n\n\t\t\t\t\t<div id=\"elementor-tab-content-80715\" class=\"elementor-tab-content elementor-clearfix\" data-tab=\"15\" role=\"region\" aria-labelledby=\"elementor-tab-title-80715\"><ol><li>20-24 Aral\u0131k 1993 tarihlerinde \u201c\u0130stismar ve \u0130hmal edilen \u00c7ocuklar ve Ailelerin Sa\u011falt\u0131m\u0131 Semineri\u201d Ankara\u2019da d\u00fczenlenmi\u015ftir.<\/li><li>20-21 Aral\u0131k 1994 tarihlerinde \u201c\u00c7ocuk \u0130stismar\u0131 ve \u0130hmalinin \u00d6nlenmesi Semineri\u201d Ankara\u2019da d\u00fczenlenmi\u015ftir.<\/li><li>8-9 Eyl\u00fcl 1997 tarihlerinde ISPCAN i\u015fbirli\u011fi ile \u201c\u00c7ocuk \u0130stismar\u0131 ve \u0130hmalini \u00d6nleme konulu Uluslararas\u0131 Kat\u0131l\u0131ml\u0131 Seminer\u201d Antalya \u2013 Kemer\u2019de d\u00fczenlenmi\u015ftir.<\/li><\/ol><\/div>\n\t\t\t\t<\/div>\n\t\t\t\t\t\t\t<div class=\"elementor-toggle-item\">\n\t\t\t\t\t<div id=\"elementor-tab-title-80716\" class=\"elementor-tab-title\" data-tab=\"16\" role=\"button\" aria-controls=\"elementor-tab-content-80716\" aria-expanded=\"false\">\n\t\t\t\t\t\t\t\t\t\t\t\t<span class=\"elementor-toggle-icon elementor-toggle-icon-left\" aria-hidden=\"true\">\n\t\t\t\t\t\t\t\t\t\t\t\t\t\t\t<span class=\"elementor-toggle-icon-closed\"><svg class=\"e-font-icon-svg e-fas-caret-right\" viewBox=\"0 0 192 512\" xmlns=\"http:\/\/www.w3.org\/2000\/svg\"><path d=\"M0 384.662V127.338c0-17.818 21.543-26.741 34.142-14.142l128.662 128.662c7.81 7.81 7.81 20.474 0 28.284L34.142 398.804C21.543 411.404 0 402.48 0 384.662z\"><\/path><\/svg><\/span>\n\t\t\t\t\t\t\t\t<span class=\"elementor-toggle-icon-opened\"><svg class=\"elementor-toggle-icon-opened e-font-icon-svg e-fas-caret-up\" viewBox=\"0 0 320 512\" xmlns=\"http:\/\/www.w3.org\/2000\/svg\"><path d=\"M288.662 352H31.338c-17.818 0-26.741-21.543-14.142-34.142l128.662-128.662c7.81-7.81 20.474-7.81 28.284 0l128.662 128.662c12.6 12.599 3.676 34.142-14.142 34.142z\"><\/path><\/svg><\/span>\n\t\t\t\t\t\t\t\t\t\t\t\t\t<\/span>\n\t\t\t\t\t\t\t\t\t\t\t\t<a class=\"elementor-toggle-title\" tabindex=\"0\">Konferans<\/a>\n\t\t\t\t\t<\/div>\n\n\t\t\t\t\t<div id=\"elementor-tab-content-80716\" class=\"elementor-tab-content elementor-clearfix\" data-tab=\"16\" role=\"region\" aria-labelledby=\"elementor-tab-title-80716\"><p>9-21 Nisan 1993 tarihlerinde \u201c\u00c7ocuk \u0130stismar\u0131n\u0131n ve \u0130hmalinin \u00d6nlenmesi 1. Balkan, Kafkasya ve Orta Do\u011fu Konferans\u0131\u201d Ankara \u00dcniversitesi EBF i\u015fbirli\u011fi ile UNICEF, ISPCAN\u2019in katk\u0131lar\u0131yla Ankara\u2019da d\u00fczenlenmi\u015ftir.<\/p><\/div>\n\t\t\t\t<\/div>\n\t\t\t\t\t\t\t<div class=\"elementor-toggle-item\">\n\t\t\t\t\t<div id=\"elementor-tab-title-80717\" class=\"elementor-tab-title\" data-tab=\"17\" role=\"button\" aria-controls=\"elementor-tab-content-80717\" aria-expanded=\"false\">\n\t\t\t\t\t\t\t\t\t\t\t\t<span class=\"elementor-toggle-icon elementor-toggle-icon-left\" aria-hidden=\"true\">\n\t\t\t\t\t\t\t\t\t\t\t\t\t\t\t<span class=\"elementor-toggle-icon-closed\"><svg class=\"e-font-icon-svg e-fas-caret-right\" viewBox=\"0 0 192 512\" xmlns=\"http:\/\/www.w3.org\/2000\/svg\"><path d=\"M0 384.662V127.338c0-17.818 21.543-26.741 34.142-14.142l128.662 128.662c7.81 7.81 7.81 20.474 0 28.284L34.142 398.804C21.543 411.404 0 402.48 0 384.662z\"><\/path><\/svg><\/span>\n\t\t\t\t\t\t\t\t<span class=\"elementor-toggle-icon-opened\"><svg class=\"elementor-toggle-icon-opened e-font-icon-svg e-fas-caret-up\" viewBox=\"0 0 320 512\" xmlns=\"http:\/\/www.w3.org\/2000\/svg\"><path d=\"M288.662 352H31.338c-17.818 0-26.741-21.543-14.142-34.142l128.662-128.662c7.81-7.81 20.474-7.81 28.284 0l128.662 128.662c12.6 12.599 3.676 34.142-14.142 34.142z\"><\/path><\/svg><\/span>\n\t\t\t\t\t\t\t\t\t\t\t\t\t<\/span>\n\t\t\t\t\t\t\t\t\t\t\t\t<a class=\"elementor-toggle-title\" tabindex=\"0\">Sanatsal etkinliklerimiz <\/a>\n\t\t\t\t\t<\/div>\n\n\t\t\t\t\t<div id=\"elementor-tab-content-80717\" class=\"elementor-tab-content elementor-clearfix\" data-tab=\"17\" role=\"region\" aria-labelledby=\"elementor-tab-title-80717\"><ul><li>2013 \u015eubat ay\u0131nda Derne\u011fimiz yarar\u0131na foto\u011fraf sergisi a\u00e7\u0131lm\u0131\u015f ve elde edilen gelir derne\u011fimize kaydedilmi\u015ftir.<\/li><li>2014 May\u0131s ay\u0131nda \u0130zmir\u2019de \u201cT\u00fcrkiye\u2019de K\u0131z \u00c7ocu\u011fu Olmak\u201d adl\u0131 bir foto\u011fraf sergisi d\u00fczenlenme\u015ftir<strong>.<\/strong><\/li><li>11 Haziran 2015 tarihinde Derne\u011fimiz yarar\u0131na Ankara Barosu E\u011fitim Merkezi&#8217;nde \u201cKermes Ve Film G\u00f6sterimi&#8221; d\u00fczenlenmi\u015ftir.<\/li><li>16 Aral\u0131k 2015 tarihinde Derne\u011fimiz yarar\u0131na \u00c7ankaya Belediyesi \u00c7a\u011fda\u015f Sanatlar Merkezinde Halk M\u00fczi\u011fi ve Oyunlar\u0131 Ara\u015ft\u0131rma E\u011fitim Derne\u011fi (HAMOY)&#8217;nce &#8220;Ninniler&#8221; temal\u0131 konser d\u00fczenlenmi\u015ftir.\u00a0<\/li><\/ul><\/div>\n\t\t\t\t<\/div>\n\t\t\t\t\t\t\t<div class=\"elementor-toggle-item\">\n\t\t\t\t\t<div id=\"elementor-tab-title-80718\" class=\"elementor-tab-title\" data-tab=\"18\" role=\"button\" aria-controls=\"elementor-tab-content-80718\" aria-expanded=\"false\">\n\t\t\t\t\t\t\t\t\t\t\t\t<span class=\"elementor-toggle-icon elementor-toggle-icon-left\" aria-hidden=\"true\">\n\t\t\t\t\t\t\t\t\t\t\t\t\t\t\t<span class=\"elementor-toggle-icon-closed\"><svg class=\"e-font-icon-svg e-fas-caret-right\" viewBox=\"0 0 192 512\" xmlns=\"http:\/\/www.w3.org\/2000\/svg\"><path d=\"M0 384.662V127.338c0-17.818 21.543-26.741 34.142-14.142l128.662 128.662c7.81 7.81 7.81 20.474 0 28.284L34.142 398.804C21.543 411.404 0 402.48 0 384.662z\"><\/path><\/svg><\/span>\n\t\t\t\t\t\t\t\t<span class=\"elementor-toggle-icon-opened\"><svg class=\"elementor-toggle-icon-opened e-font-icon-svg e-fas-caret-up\" viewBox=\"0 0 320 512\" xmlns=\"http:\/\/www.w3.org\/2000\/svg\"><path d=\"M288.662 352H31.338c-17.818 0-26.741-21.543-14.142-34.142l128.662-128.662c7.81-7.81 20.474-7.81 28.284 0l128.662 128.662c12.6 12.599 3.676 34.142-14.142 34.142z\"><\/path><\/svg><\/span>\n\t\t\t\t\t\t\t\t\t\t\t\t\t<\/span>\n\t\t\t\t\t\t\t\t\t\t\t\t<a class=\"elementor-toggle-title\" tabindex=\"0\">Uluslararas\u0131 Alanda C\u0130\u0130ODER<\/a>\n\t\t\t\t\t<\/div>\n\n\t\t\t\t\t<div id=\"elementor-tab-content-80718\" class=\"elementor-tab-content elementor-clearfix\" data-tab=\"18\" role=\"region\" aria-labelledby=\"elementor-tab-title-80718\"><p>\u00c7ocuk \u0130stismar\u0131n\u0131 ve \u0130hmalini \u00d6nleme Derne\u011fi (Turkish Society for Prevention of Child Abuse and Neglect-TSPCAN) 2006 y\u0131l\u0131nda uluslararas\u0131 \u00c7ocuk \u0130stismar\u0131 ve \u0130hmalini \u00d6nleme Derne\u011finin (International Society for Prevention of Child Abuse and Neglect-ISPCAN) T\u00fcrkiye partneri olarak kabul edilmi\u015ftir. ISPCAN kurulu\u015fundan bu yana d\u00fcnya kongreleri ve Avrupa, Asya, Amerika, Afrika b\u00f6lgelerinde olmak \u00fczere b\u00f6lgesel toplant\u0131lar d\u00fczenlemektedir. 2001 y\u0131l\u0131nda Avrupa b\u00f6lge toplant\u0131s\u0131, 2012 y\u0131l\u0131nda ise \u201cOndokuzuncu Uluslar aras\u0131 \u00c7ocuk \u0130stismar\u0131n\u0131 ve \u0130hmalini \u00d6nleme Kongresi\u201d \u0130stanbul\u2019da derne\u011fimiz taraf\u0131ndan d\u00fczenlenmi\u015ftir. ISPCAN Y\u00f6netim Kurulu\u2019nda 1990-2002 y\u0131llar\u0131 aras\u0131nda derne\u011fimizden Esin Konan\u00e7 12 y\u0131l hizmet vermi\u015ftir. Dernek Y\u00f6netim Kurulu \u00dcyemiz ve Ba\u015fkan Yard\u0131mc\u0131m\u0131z Prof.Dr.Figen \u015eAH\u0130N DA\u011eLI\u00a0\u00a0\u00a0\u00a0\u00a0\u00a0\u00a0\u00a0 2014 y\u0131l\u0131nda ISPCAN y\u00f6netim kurulu \u00fcyesi se\u00e7ilerek uluslar aras\u0131 temsiliyetimizi y\u00fcr\u00fctmektedir.<\/p><\/div>\n\t\t\t\t<\/div>\n\t\t\t\t\t\t\t<div class=\"elementor-toggle-item\">\n\t\t\t\t\t<div id=\"elementor-tab-title-80719\" class=\"elementor-tab-title\" data-tab=\"19\" role=\"button\" aria-controls=\"elementor-tab-content-80719\" aria-expanded=\"false\">\n\t\t\t\t\t\t\t\t\t\t\t\t<span class=\"elementor-toggle-icon elementor-toggle-icon-left\" aria-hidden=\"true\">\n\t\t\t\t\t\t\t\t\t\t\t\t\t\t\t<span class=\"elementor-toggle-icon-closed\"><svg class=\"e-font-icon-svg e-fas-caret-right\" viewBox=\"0 0 192 512\" xmlns=\"http:\/\/www.w3.org\/2000\/svg\"><path d=\"M0 384.662V127.338c0-17.818 21.543-26.741 34.142-14.142l128.662 128.662c7.81 7.81 7.81 20.474 0 28.284L34.142 398.804C21.543 411.404 0 402.48 0 384.662z\"><\/path><\/svg><\/span>\n\t\t\t\t\t\t\t\t<span class=\"elementor-toggle-icon-opened\"><svg class=\"elementor-toggle-icon-opened e-font-icon-svg e-fas-caret-up\" viewBox=\"0 0 320 512\" xmlns=\"http:\/\/www.w3.org\/2000\/svg\"><path d=\"M288.662 352H31.338c-17.818 0-26.741-21.543-14.142-34.142l128.662-128.662c7.81-7.81 20.474-7.81 28.284 0l128.662 128.662c12.6 12.599 3.676 34.142-14.142 34.142z\"><\/path><\/svg><\/span>\n\t\t\t\t\t\t\t\t\t\t\t\t\t<\/span>\n\t\t\t\t\t\t\t\t\t\t\t\t<a class=\"elementor-toggle-title\" tabindex=\"0\">\u00d6d\u00fcller<\/a>\n\t\t\t\t\t<\/div>\n\n\t\t\t\t\t<div id=\"elementor-tab-content-80719\" class=\"elementor-tab-content elementor-clearfix\" data-tab=\"19\" role=\"region\" aria-labelledby=\"elementor-tab-title-80719\"><p>9 Aral\u0131k 2003 tarihinde 19 dernek ve vakf\u0131n olu\u015fturdu\u011fu G\u00f6n\u00fcll\u00fc Kurulu\u015flar Ulusal Kad\u0131n Sa\u011fl\u0131\u011f\u0131 Komisyonu (KASAKOM) Derne\u011fimize \u201cK\u0131z \u00c7ocu\u011funun Cinsel \u0130stismar\u0131 Alan\u0131nda En Ba\u015far\u0131l\u0131 Sivil Toplum Kurulu\u015fu \u00dcst\u00fcn Hizmet \u00d6d\u00fcl\u00fc\u201dne lay\u0131k g\u00f6r\u00fclm\u00fc\u015ft\u00fcr.<\/p><\/div>\n\t\t\t\t<\/div>\n\t\t\t\t\t\t\t\t<\/div>\n\t\t\t\t<\/div>\n\t\t\t\t<\/div>\n\t\t\t\t\t<\/div>\n\t\t\t\t<\/div>\n\t\t\t\t<\/div>\n\t\t","protected":false},"excerpt":{"rendered":"<p>\u00c7OCUK \u0130ST\u0130SMARINI VE \u0130HMAL\u0130N\u0130 \u00d6NLEME DERNE\u011e\u0130 C\u0130\u0130ODER \u00c7ocuk \u0130stismar\u0131n\u0131 ve \u0130hmalini \u00d6nleme Derne\u011fi, 1988 y\u0131l\u0131nda 7 kurucu \u00fcyenin \u00f6nderli\u011finde kurulmu\u015f [&hellip;]<\/p>\n","protected":false},"author":1,"featured_media":0,"parent":0,"menu_order":0,"comment_status":"closed","ping_status":"closed","template":"","meta":{"site-sidebar-layout":"no-sidebar","site-content-layout":"","ast-site-content-layout":"full-width-container","site-content-style":"default","site-sidebar-style":"default","ast-global-header-display":"","ast-banner-title-visibility":"","ast-main-header-display":"","ast-hfb-above-header-display":"","ast-hfb-below-header-display":"","ast-hfb-mobile-header-display":"","site-post-title":"disabled","ast-breadcrumbs-content":"","ast-featured-img":"disabled","footer-sml-layout":"","theme-transparent-header-meta":"default","adv-header-id-meta":"","stick-header-meta":"","header-above-stick-meta":"","header-main-stick-meta":"","header-below-stick-meta":"","astra-migrate-meta-layouts":"set","ast-page-background-enabled":"default","ast-page-background-meta":{"desktop":{"background-color":"var(--ast-global-color-4)","background-image":"","background-repeat":"repeat","background-position":"center center","background-size":"auto","background-attachment":"scroll","background-type":"","background-media":"","overlay-type":"","overlay-color":"","overlay-opacity":"","overlay-gradient":""},"tablet":{"background-color":"","background-image":"","background-repeat":"repeat","background-position":"center center","background-size":"auto","background-attachment":"scroll","background-type":"","background-media":"","overlay-type":"","overlay-color":"","overlay-opacity":"","overlay-gradient":""},"mobile":{"background-color":"","background-image":"","background-repeat":"repeat","background-position":"center center","background-size":"auto","background-attachment":"scroll","background-type":"","background-media":"","overlay-type":"","overlay-color":"","overlay-opacity":"","overlay-gradient":""}},"ast-content-background-meta":{"desktop":{"background-color":"var(--ast-global-color-5)","background-image":"","background-repeat":"repeat","background-position":"center center","background-size":"auto","background-attachment":"scroll","background-type":"","background-media":"","overlay-type":"","overlay-color":"","overlay-opacity":"","overlay-gradient":""},"tablet":{"background-color":"var(--ast-global-color-5)","background-image":"","background-repeat":"repeat","background-position":"center center","background-size":"auto","background-attachment":"scroll","background-type":"","background-media":"","overlay-type":"","overlay-color":"","overlay-opacity":"","overlay-gradient":""},"mobile":{"background-color":"var(--ast-global-color-5)","background-image":"","background-repeat":"repeat","background-position":"center center","background-size":"auto","background-attachment":"scroll","background-type":"","background-media":"","overlay-type":"","overlay-color":"","overlay-opacity":"","overlay-gradient":""}},"footnotes":""},"class_list":["post-61","page","type-page","status-publish","hentry"],"_links":{"self":[{"href":"https:\/\/ciioder.org.tr\/index.php?rest_route=\/wp\/v2\/pages\/61","targetHints":{"allow":["GET"]}}],"collection":[{"href":"https:\/\/ciioder.org.tr\/index.php?rest_route=\/wp\/v2\/pages"}],"about":[{"href":"https:\/\/ciioder.org.tr\/index.php?rest_route=\/wp\/v2\/types\/page"}],"author":[{"embeddable":true,"href":"https:\/\/ciioder.org.tr\/index.php?rest_route=\/wp\/v2\/users\/1"}],"replies":[{"embeddable":true,"href":"https:\/\/ciioder.org.tr\/index.php?rest_route=%2Fwp%2Fv2%2Fcomments&post=61"}],"version-history":[{"count":16,"href":"https:\/\/ciioder.org.tr\/index.php?rest_route=\/wp\/v2\/pages\/61\/revisions"}],"predecessor-version":[{"id":412,"href":"https:\/\/ciioder.org.tr\/index.php?rest_route=\/wp\/v2\/pages\/61\/revisions\/412"}],"wp:attachment":[{"href":"https:\/\/ciioder.org.tr\/index.php?rest_route=%2Fwp%2Fv2%2Fmedia&parent=61"}],"curies":[{"name":"wp","href":"https:\/\/api.w.org\/{rel}","templated":true}]}}